{"id":515,"date":"2021-04-05T17:49:47","date_gmt":"2021-04-05T15:49:47","guid":{"rendered":"https:\/\/jover.pro\/?page_id=515"},"modified":"2026-03-17T12:06:39","modified_gmt":"2026-03-17T11:06:39","slug":"sobrejosepjover","status":"publish","type":"page","link":"https:\/\/jover.pro\/en\/sobrejosepjover\/","title":{"rendered":"About us"},"content":{"rendered":"\t\t<div data-elementor-type=\"wp-page\" data-elementor-id=\"515\" class=\"elementor elementor-515\" data-elementor-post-type=\"page\">\n\t\t\t\t<div class=\"elementor-element elementor-element-1ae09b6 e-con-full e-flex e-con e-parent\" data-id=\"1ae09b6\" data-element_type=\"container\" data-e-type=\"container\" data-settings=\"{&quot;background_background&quot;:&quot;classic&quot;}\">\n\t\t<div class=\"elementor-element elementor-element-352d481 e-con-full e-flex e-con e-child\" data-id=\"352d481\" data-element_type=\"container\" data-e-type=\"container\">\n\t\t\t\t<div class=\"elementor-element elementor-element-bc20163 elementor-widget elementor-widget-heading\" data-id=\"bc20163\" data-element_type=\"widget\" data-e-type=\"widget\" data-widget_type=\"heading.default\">\n\t\t\t\t<div class=\"elementor-widget-container\">\n\t\t\t\t\t<h2 class=\"elementor-heading-title elementor-size-default\">Josep Jover i Padr\u00f3<\/h2>\t\t\t\t<\/div>\n\t\t\t\t<\/div>\n\t\t\t\t<div class=\"elementor-element elementor-element-e838ca3 elementor-widget elementor-widget-image\" data-id=\"e838ca3\" data-element_type=\"widget\" data-e-type=\"widget\" data-widget_type=\"image.default\">\n\t\t\t\t<div class=\"elementor-widget-container\">\n\t\t\t\t\t\t\t\t\t\t\t\t\t\t\t<img fetchpriority=\"high\" decoding=\"async\" data-attachment-id=\"568\" data-permalink=\"https:\/\/jover.pro\/en\/apunts-biografics\/cdgqhslwyaagkzh-2\/\" data-orig-file=\"https:\/\/i0.wp.com\/jover.pro\/wp-content\/uploads\/sites\/5\/2016\/04\/CDgQHSlWYAAGkZh-2.jpg?fit=500%2C333&amp;ssl=1\" data-orig-size=\"500,333\" data-comments-opened=\"1\" data-image-meta=\"{&quot;aperture&quot;:&quot;0&quot;,&quot;credit&quot;:&quot;&quot;,&quot;camera&quot;:&quot;&quot;,&quot;caption&quot;:&quot;&quot;,&quot;created_timestamp&quot;:&quot;0&quot;,&quot;copyright&quot;:&quot;&quot;,&quot;focal_length&quot;:&quot;0&quot;,&quot;iso&quot;:&quot;0&quot;,&quot;shutter_speed&quot;:&quot;0&quot;,&quot;title&quot;:&quot;&quot;,&quot;orientation&quot;:&quot;0&quot;}\" data-image-title=\"abogado especialista derecho de la Uni\u00f3n Europea\" data-image-description=\"&lt;p&gt;Foto de Josep Jover&lt;\/p&gt;\n\" data-image-caption=\"\" data-large-file=\"https:\/\/i0.wp.com\/jover.pro\/wp-content\/uploads\/sites\/5\/2016\/04\/CDgQHSlWYAAGkZh-2.jpg?fit=500%2C333&amp;ssl=1\" width=\"500\" height=\"333\" src=\"https:\/\/i0.wp.com\/jover.pro\/wp-content\/uploads\/sites\/5\/2016\/04\/CDgQHSlWYAAGkZh-2.jpg?fit=500%2C333&amp;ssl=1\" class=\"attachment-large size-large wp-image-568\" alt=\"Sobre Josep Jover\" srcset=\"https:\/\/i0.wp.com\/jover.pro\/wp-content\/uploads\/sites\/5\/2016\/04\/CDgQHSlWYAAGkZh-2.jpg?w=500&amp;ssl=1 500w, https:\/\/i0.wp.com\/jover.pro\/wp-content\/uploads\/sites\/5\/2016\/04\/CDgQHSlWYAAGkZh-2.jpg?resize=300%2C200&amp;ssl=1 300w\" sizes=\"(max-width: 500px) 100vw, 500px\" data-attachment-id=\"568\" data-permalink=\"https:\/\/jover.pro\/apunts-biografics\/cdgqhslwyaagkzh-2\/\" data-orig-file=\"https:\/\/i0.wp.com\/jover.pro\/wp-content\/uploads\/sites\/5\/2016\/04\/CDgQHSlWYAAGkZh-2.jpg?fit=500%2C333&amp;ssl=1\" data-orig-size=\"500,333\" data-comments-opened=\"1\" data-image-meta=\"{&quot;aperture&quot;:&quot;0&quot;,&quot;credit&quot;:&quot;&quot;,&quot;camera&quot;:&quot;&quot;,&quot;caption&quot;:&quot;&quot;,&quot;created_timestamp&quot;:&quot;0&quot;,&quot;copyright&quot;:&quot;&quot;,&quot;focal_length&quot;:&quot;0&quot;,&quot;iso&quot;:&quot;0&quot;,&quot;shutter_speed&quot;:&quot;0&quot;,&quot;title&quot;:&quot;&quot;,&quot;orientation&quot;:&quot;0&quot;}\" data-image-title=\"abogado especialista derecho de la Uni\u00f3n Europea\" data-image-description=\"&lt;p&gt;Foto de Josep Jover&lt;\/p&gt;\n\" data-image-caption=\"\" data-large-file=\"https:\/\/i0.wp.com\/jover.pro\/wp-content\/uploads\/sites\/5\/2016\/04\/CDgQHSlWYAAGkZh-2.jpg?fit=500%2C333&amp;ssl=1\" \/>\t\t\t\t\t\t\t\t\t\t\t\t\t\t\t<\/div>\n\t\t\t\t<\/div>\n\t\t\t\t<\/div>\n\t\t\t\t<div class=\"elementor-element elementor-element-b494bfc elementor-widget elementor-widget-heading\" data-id=\"b494bfc\" data-element_type=\"widget\" data-e-type=\"widget\" data-widget_type=\"heading.default\">\n\t\t\t\t<div class=\"elementor-widget-container\">\n\t\t\t\t\t<h3 class=\"elementor-heading-title elementor-size-default\"> Advocat especialitzat en Dret de la Uni\u00f3 Europea, tecnologies de la informaci\u00f3, drets humans i ciberseguretat.<\/h3>\t\t\t\t<\/div>\n\t\t\t\t<\/div>\n\t\t\t\t<div class=\"elementor-element elementor-element-12e3581 elementor-widget__width-initial elementor-widget elementor-widget-text-editor\" data-id=\"12e3581\" data-element_type=\"widget\" data-e-type=\"widget\" data-widget_type=\"text-editor.default\">\n\t\t\t\t<div class=\"elementor-widget-container\">\n\t\t\t\t\t\t\t\t\t<p>Expert en formaci\u00f3, auditories legals i estrat\u00e8gies de lobby en l\u2019\u00e0mbit europeu. Ha fet destacades contribucions en protecci\u00f3 de dades, drets dels ciutadans i procediments judicials internacionals. Expert en dissenyar estrat\u00e8gies per a entorns complexos i en liderar projectes transversals de gran impacte social i tecnol\u00f2gic. Ha treballat amb forces de seguretat, institucions de defensa i organismes internacionals, desenvolupant eines pr\u00e0ctiques i doctrines espec\u00edfiques per a la defensa i protecci\u00f3 dels drets fonamentals en contextos d\u2019alta sensibilitat.<\/p><p>Nascut a Terrassa el 29\/07\/1955 advocat col\u00b7legiat a l\u2019ICAB de Barcelona amb el n\u00famero 12668.<\/p><h2 align=\"center\"><span style=\"font-family: Great Vibes, sans-serif\"><b>Altres webs amb el meu curr\u00edculum<\/b><\/span><\/h2><p align=\"center\"><img decoding=\"async\" data-recalc-dims=\"1\" src=\"https:\/\/i0.wp.com\/jover.pro\/wp-content\/uploads\/sites\/5\/2021\/03\/separador.png?resize=300%2C32&#038;ssl=1\" alt=\"\" width=\"300\" height=\"32\" \/><\/p><p>Vikip\u00e8dia: <a href=\"https:\/\/ca.wikipedia.org\/wiki\/Josep_Jover_i_Padr%C3%B3\" target=\"_blank\" rel=\"noopener\">https:\/\/ca.wikipedia.org\/wiki\/Josep_Jover_i_Padr\u00f3<\/a><\/p><p>Legal Today: <a href=\"https:\/\/www.legaltoday.com\/colaborador\/jover-padro\/\" target=\"_blank\" rel=\"noopener\">https:\/\/www.legaltoday.com\/colaborador\/jover-padro\/<\/a><\/p><p>Tecnonews: https:\/\/www.tecnonews.info\/articulistas\/josep_jover_i_padro<\/p><p>Viadenuncia: https:\/\/viadenuncia.net\/es\/nuestro-equipo\/<\/p><p>Capa8: https:\/\/capa8.net<\/p><h2 align=\"center\"><span style=\"font-family: Great Vibes, sans-serif\"><b>Titulaci\u00f3<\/b><\/span><\/h2><p align=\"center\"><img decoding=\"async\" data-recalc-dims=\"1\" src=\"https:\/\/i0.wp.com\/jover.pro\/wp-content\/uploads\/sites\/5\/2021\/03\/separador.png?resize=300%2C32&#038;ssl=1\" alt=\"\" width=\"300\" height=\"32\" \/><\/p><ul><li><span style=\"font-family: 'Calibri Light', sans-serif;color: #ffffff\"><span style=\"font-size: medium\">Ci\u00e8ncies jur\u00eddiques<\/span><\/span><\/li><li><span style=\"font-family: Calibri Light, sans-serif\"><span style=\"font-size: medium\">Llicenciat en Dret per la Universitat de Barcelona, febrer de 1982.<\/span><\/span><\/li><li><span style=\"font-family: Calibri Light, sans-serif\"><span style=\"font-size: medium\">Diplomat en Psicologia i Sociologia Jur\u00eddiques per l\u2019IPSJ del Col\u00b7legi d&#8217;Advocats de Barcelona (1981).<\/span><\/span><\/li><li><span style=\"font-family: Calibri Light, sans-serif\"><span style=\"font-size: medium\">Diplomat en negociaci\u00f3 i mediaci\u00f3 pel Col\u00b7legi de l&#8217;Advocacia de Barcelona i ACDMA, sent tamb\u00e9 professor en aquestes mat\u00e8ries (2000-2024)<\/span><\/span><\/li><li><span style=\"font-family: Calibri Light, sans-serif\"><span style=\"font-size: medium\">Diplomat Superior en Dret Comunitari i Internacional pel Patronat Catal\u00e0 Pro Europa. (1983-1984).<\/span><\/span><\/li><li><span style=\"font-family: Calibri Light, sans-serif\"><span style=\"font-size: medium\">Diplomat en Contractaci\u00f3 Internacional per la Universitat Trias de Bes i Gir\u00f3. (1984).<\/span><\/span><\/li><li><span style=\"font-family: Calibri Light, sans-serif\"><span style=\"font-size: medium\">Diplomat per l&#8217;Escola de Pr\u00e0ctica Jur\u00eddica Roda Ventura, de l&#8217;Il\u00b7lustre Col\u00b7legi d&#8217;Advocats de Barcelona, en Comptabilitat i Auditoria per a advocats. (1985).<\/span><\/span><\/li><li><span style=\"font-family: Calibri Light, sans-serif\"><span style=\"font-size: medium\">Auditor inscrit en el Registre AULETEC (ICAB) d&#8217;Auditors Legals en Entorns Tecnol\u00f2gics amb el n\u00fam. 16.<\/span><\/span><\/li><li><span style=\"font-family: Calibri Light, sans-serif\"><span style=\"font-size: medium\">Lletrat inscrit des de 2007, en el Registre d&#8217;Advocats per a poder intervenir professionalment davant del Tribunal de Just\u00edcia de la Uni\u00f3 Europea.<\/span><\/span><\/li><li><span style=\"font-family: Calibri Light, sans-serif\"><span style=\"font-size: medium\">Titulat per ASPERTIC (Associaci\u00f3 Mediterr\u00e0nia de Perits de les TIC) amb el n\u00fam. 1101 com a perit judicial en NNTT.<\/span><\/span><\/li><li><span style=\"font-family: Calibri Light, sans-serif\"><span style=\"font-size: medium\">Membre de ISACA, (INFORMATION SYSTEMS AUDIT AND CONTROL ASSOCIATION) l&#8217;any 1998.<\/span><\/span><\/li><li><span style=\"font-family: Calibri Light, sans-serif\"><span style=\"font-size: medium\">Diplomat en AI Engineering en 2023 pel Bloomfield College (Nueva Jersey).\u00a0\u00a0<\/span><\/span><\/li><li><span style=\"font-family: Calibri Light, sans-serif\"><span style=\"font-size: medium\">Diplomat en AiContext and Research pel Pittsburg Technical College (PTC) de Pensilvania en 2024<\/span><\/span><\/li><li><span style=\"font-family: Calibri Light, sans-serif\"><span style=\"font-size: medium\">Mestratge en electr\u00f2nica per l&#8217;Escola Universit\u00e0ria de la UPC (1975-1977); havent cursat en ella parteix de la carrera d&#8217;Enginyeria t\u00e8cnica electr\u00f2nica. <\/span><\/span><\/li><li><span style=\"font-family: Calibri Light, sans-serif\"><span style=\"font-size: medium\">Diplomat en Protecci\u00f3 de Dades per la Universitat Pontif\u00edcia de Comillas (1995) de la qual va ser professor en el seu M\u00e0ster durant deu anys.<\/span><\/span><\/li><\/ul><h2 align=\"center\"><span style=\"font-family: Great Vibes, sans-serif\"><b><b>Treballs i C\u00e0rrecs<br \/><\/b><\/b><\/span><\/h2><p align=\"center\"><img decoding=\"async\" data-recalc-dims=\"1\" src=\"https:\/\/i0.wp.com\/jover.pro\/wp-content\/uploads\/sites\/5\/2021\/03\/separador.png?resize=300%2C32&#038;ssl=1\" alt=\"\" width=\"300\" height=\"32\" \/><\/p><p style=\"text-align: left\"><span style=\"font-family: Calibri Light, sans-serif\"><span style=\"font-size: medium\"><b>A) ACTIVITAT DOCENT<\/b><\/span><\/span><\/p><p><span style=\"font-family: Calibri Light, sans-serif\"><span style=\"font-size: medium\"><u>A1) PRESENT<\/u><\/span><\/span><\/p><ul><li><span style=\"font-family: Calibri Light, sans-serif\"><span style=\"font-size: medium\">Formaci\u00f3 a funcionaris en Drets Humans de tercera generaci\u00f3, Esquema Nacional de Seguretat (ENS) i Esquema Nacional d&#8217;Interoperabilitat (ENI) en diverses institucions, ajuntaments i municipis d&#8217;Espanya, Fran\u00e7a i B\u00e8lgica (2007-2024),<\/span><\/span><\/li><li><span style=\"font-family: Calibri Light, sans-serif\"><span style=\"font-size: medium\">Formaci\u00f3 a diversos estaments privats i p\u00fablics sobre la Directiva 2019\/1937 d&#8217;alertadores d&#8217;infraccions al Dret de la Uni\u00f3 i sobre la Llei 2\/2023 d&#8217;anticorrupci\u00f3<\/span><\/span><\/li><li><span style=\"font-family: Calibri Light, sans-serif\"><span style=\"font-size: medium\">Ponent m\u00e0ster a la BARCELONA BLOCKCHAIN WEEK i en diversos congressos de hacking i Internet (2017-2024)<\/span><\/span><\/li><li><span style=\"font-family: Calibri Light, sans-serif\"><span style=\"font-size: medium\">Professor de l&#8217;Escola de Perits Inform\u00e0tics Judicials (UDIMA-ANTPJI) (2015-2020) i ASPERTIC (2019-2024)<\/span><\/span><\/li><li><span style=\"font-family: Calibri Light, sans-serif\"><span style=\"font-size: medium\">Professor convidat en formacions sobre la prova judicial TIC i acc\u00e9s a tecnologies i Xarxes socials per a juristes i jutges celebrades a Tarragona, Tortosa, Girona i Barcelona (2019) i en els Col\u00b7legis d&#8217;Advocats de Madrid i Barcelona (2010-2024)<\/span><\/span><\/li><li><span style=\"font-family: Calibri Light, sans-serif\"><span style=\"font-size: medium\">Ponent en les jornades celebrades per AJUDICAT Associaci\u00f3 de la Judicatura Eventual Catalana, sobre els delictes contra la intimitat i inform\u00e0tics en la reforma del Codi Penal de 2015 (2017,2018 i 2019)<\/span><\/span><\/li><li><span style=\"font-family: Calibri Light, sans-serif\"><span style=\"font-size: medium\">Redactor dels diversos informes sobre deontologia professional en la professi\u00f3 policial, de les quals tamb\u00e9 ha estat auditor en aquesta especialitat (2001-2025).<\/span><\/span><\/li><\/ul><p><span style=\"font-family: Calibri Light, sans-serif\"><span style=\"font-size: medium\"><u>A2) HIST\u00d2RIC<\/u><\/span><\/span><\/p><ul><li><span style=\"font-family: Calibri Light, sans-serif\"><span style=\"font-size: medium\">Professor del <i>M\u00e0ster de Dret i Inform\u00e0tica d&#8217;ICADE<\/i> (Universitat Pontif\u00edcia de Comellas) (1990-2005), del <i>M\u00e0ster del ISDE<\/i> (Institut de Dret i Empresa dels Heures de la Universitat de Barcelona) (2000-2005) i del <i>M\u00e0ster d&#8217;Auditoria Jur\u00eddica d&#8217;Entorns Tecnol\u00f2gics<\/i> (Col\u00b7legi d\u2019Advocats de Barcelona) i del <i>de Noves Tecnologies del ICAB<\/i>, del qual \u00e9s a m\u00e9s membre del comit\u00e8 cient\u00edfic (2000-2023).<\/span><\/span><\/li><li><span style=\"font-family: Calibri Light, sans-serif\"><span style=\"font-size: medium\">Professor de Cursos de Doctorat de la Universitat de Barcelona (UB) (2000-2003).<\/span><\/span><\/li><li><span style=\"font-family: Calibri Light, sans-serif\"><span style=\"font-size: medium\">Tutor, juntament amb el Departament d&#8217;Estad\u00edstica de la Universitat Aut\u00f2noma de Barcelona (UAB) de realitzaci\u00f3 i an\u00e0lisi de projectes d&#8217;enquestes d&#8217;intenci\u00f3 de vot. Entre altres, les an\u00e0lisis d&#8217;intenci\u00f3 de vot de cadascuna de les eleccions del Col\u00b7legi d&#8217;Advocats de Barcelona de 1992 a 2004 i les an\u00e0lisis d&#8217;intenci\u00f3 de vot d&#8217;eleccions municipals a Terrassa (1990-1995) i Calafell (2000-2006)<\/span><\/span><\/li><li><span style=\"font-family: Calibri Light, sans-serif\"><span style=\"font-size: medium\">President del Comit\u00e8 cient\u00edfic de les diverses <i>Jornades de Protecci\u00f3 de Dades de Teulada i Roda de Bar\u00e0<\/i> (2000-2004)<\/span><\/span><\/li><li><span style=\"font-family: Calibri Light, sans-serif\"><span style=\"font-size: medium\">Professor de <i>T\u00e8cniques d&#8217;Auditoria Jur\u00eddica<\/i>, <i>Seguretat d&#8217;entorns i Criptografia en Entorns Inform\u00e0tics<\/i> en diferents cursos organitzats per les Ag\u00e8ncies de Protecci\u00f3 de Dades de la Comunitat de Madrid, Espanyola i Catalana, IEE, Escola de la Policia de \u00c1vila i per Granada UVS i Seresco.<\/span><\/span><\/li><li><span style=\"font-family: Calibri Light, sans-serif\"><span style=\"font-size: medium\">Professor de l&#8217;Institut de Seguretat P\u00fablica \u2013 Escola de Policia de Catalunya (1995- 2005), especialitzat en Drets Humans de Tercera Generaci\u00f3\u00a0 i seguretat tecnol\u00f2gica, \u00c8tica, Responsabilitat Social Corporativa i Deontologia Policial. Professor i ponent de diverses jornades sobre deontologia i tecnologia en l&#8217;\u00e0mbit policial i Videovigil\u00e0ncia (2006-2024).\u00a0<\/span><\/span><\/li><li><span style=\"font-family: Calibri Light, sans-serif\"><span style=\"font-size: medium\">Professor de T<i>\u00e8cniques de Negociaci\u00f3 i Mediaci\u00f3<\/i> en diversos cursos organitzats per la Universitat de Barcelona, Col\u00b7legi d&#8217;Advocats de Barcelona, Col\u00b7legi de Psic\u00f2legs de Barcelona, Diputaci\u00f3 de Barcelona i Diputaci\u00f3 d&#8217;Alacant. Professor convidat de Gesti\u00f3 de conflictes en ICADE, IEE i Universitat Maria Cristina de l&#8217;Escorial.<\/span><\/span><\/li><li><span style=\"font-family: Calibri Light, sans-serif\"><span style=\"font-size: medium\">Va ser un dels set especialistes que va encarregar la Generalitat de Catalunya la importaci\u00f3 de les t\u00e8cniques i la cultura de la mediaci\u00f3 a Espanya en 1995. De l&#8217;any 1998 al 2005 va formar part d&#8217;un equip d&#8217;especialistes en viol\u00e8ncia i mediaci\u00f3, despla\u00e7ats al Pa\u00eds Basc, vinculats a l&#8217;Institut de Sociologia Jur\u00eddica d&#8217;O\u00f1ati.<\/span><\/span><\/li><li><span style=\"font-family: Calibri Light, sans-serif\"><span style=\"font-size: medium\">Fundador del grup \u201cDret i Societat\u201d, desenvolupant eines pr\u00e0ctiques i doctrines espec\u00edfiques per a la defensa i protecci\u00f3 de drets fonamentals en contextos d&#8217;alta sensibilitat mitjan\u00e7ant intel\u00b7lig\u00e8ncia estrat\u00e8gica.<\/span><\/span><\/li><li><span style=\"font-family: Calibri Light, sans-serif\"><span style=\"font-size: medium\">Ponent en diverses jornades sobre la Llei de Transpar\u00e8ncia, acc\u00e9s a la informaci\u00f3 p\u00fablica i els seus mecanismes d&#8217;implantaci\u00f3, tecnologia i dret (2010- 2019) i disseny i impartici\u00f3 de formacions espec\u00edfiques sobre l&#8217;equilibri entre drets fonamentals i la necessitat operativa en escenaris cr\u00edtics.<\/span><\/span><\/li><li><span style=\"font-family: Calibri Light, sans-serif\"><span style=\"font-size: medium\">Ponent en diverses jornades sobre la Llei de Transpar\u00e8ncia, i els seus mecanismes d&#8217;implantaci\u00f3, tecnologia i dret (2010-2019).<\/span><\/span><\/li><li><span style=\"font-family: Calibri Light, sans-serif\"><span style=\"font-size: medium\">Ponent en el curs sobre Seguretat de la Informaci\u00f3 &amp; Ciberseguretat organitzat pel Centre Superior de la Defensa (CESEDEN) (2012), dedicat espec\u00edficament a la Ciberguerra.<\/span><\/span><\/li><li><span style=\"font-family: Calibri Light, sans-serif\"><span style=\"font-size: medium\">Professor en diverses institucions p\u00fabliques i privades en temes de Directiva 2019\/1937 d&#8217;alertadores d&#8217;infraccions del Dret de la Uni\u00f3 i de la Llei 2\/2023 d&#8217;anticorrupci\u00f3 (2018-2023).<\/span><\/span><\/li><\/ul><p><span style=\"font-family: Calibri Light, sans-serif\"><span style=\"font-size: medium\"><b>B) ACTIVITATS CORPORATIVES<\/b><\/span><\/span><\/p><p><span style=\"font-family: Calibri Light, sans-serif\"><span style=\"font-size: medium\"><u>B1) PRESENT<\/u><\/span><\/span><\/p><ul><li><span style=\"font-family: Calibri Light, sans-serif\"><span style=\"font-size: medium\">President em\u00e8rit d\u2019ASPERTIC<b>,<\/b> Associaci\u00f3 Mediterr\u00e0nia de Perits de les TIC https:\/\/aspertic.org\/<\/span><\/span><\/li><li><span style=\"font-family: Calibri Light, sans-serif\"><span style=\"font-size: medium\">Vocal de l&#8217;Observatori de Dret Privat de Catalunya de la Comissi\u00f3 de Codificaci\u00f3 de Catalunya (2015-2021)<\/span><\/span><\/li><li><span style=\"font-family: Calibri Light, sans-serif\"><span style=\"font-size: medium\">Presideix el grup<\/span><\/span><span style=\"font-family: Calibri Light, sans-serif\"><span style=\"font-size: medium\"><b> ADVERTIA, task force per a Europa<\/b><\/span><\/span><span style=\"font-family: Calibri Light, sans-serif\"><span style=\"font-size: medium\">. Uni\u00f3 de despatxos d&#8217;advocats i enginyeria<\/span><\/span> <span style=\"font-family: Calibri Light, sans-serif\"><span style=\"font-size: medium\"> per a efectuar accions de lobbing a Europa. En virtut d&#8217;aix\u00f2 forma part del Grup d&#8217;Experts Espanyols per a la modificaci\u00f3 del Reglament Comunitari de Protecci\u00f3 de Dades i de la comissi\u00f3 TIC de la CCBE.<\/span><\/span><\/li><li><span style=\"font-family: Calibri Light, sans-serif\"><span style=\"font-size: medium\">Vicepresident de les confederacions patronals CIAE I COPYME.<\/span><\/span><\/li><li><span style=\"font-family: Calibri Light, sans-serif\"><span style=\"font-size: medium\">Promotor de la Directiva Europea de Protecci\u00f3 als denunciants de corrupci\u00f3, actualment en vigor.<\/span><\/span><\/li><li><span style=\"font-family: Calibri Light, sans-serif;font-size: medium\">Promotor de la Directiva Europea d&#8217;Acc\u00e9s a la informaci\u00f3 p\u00fablica, actualment en vigor.<\/span><\/li><li><span style=\"font-family: Calibri Light, sans-serif;font-size: medium\">Administrador i Instructor de la B\u00fastia de den\u00fancies extern de la Directiva 2019\/1937 d&#8217;alertadores ASPERTIC, reconegut com a autoritat europea competent en temes d&#8217;aquesta Directiva<\/span><\/li><\/ul><p><span style=\"font-family: Calibri Light, sans-serif\"><span style=\"font-size: medium\"><u>B2) HIST\u00d2RIC<\/u><\/span><\/span><\/p><ul><li><span style=\"font-family: Calibri Light, sans-serif\"><span style=\"font-size: medium\">Primer President de la Secci\u00f3 d&#8217;Inform\u00e0tica de l&#8217;Il\u00b7lustre Col\u00b7legi d&#8217;Advocats de Barcelona (1988-2002). Vicepresident de la Secci\u00f3 de Dret Comunitari del ICAB (1986-1989)<\/span><\/span><\/li><li><span style=\"font-family: Calibri Light, sans-serif\"><span style=\"font-size: medium\">Diputat de la Junta de Govern de l&#8217;Il\u00b7lustre Col\u00b7legi d&#8217;Advocats de Barcelona (1989 a 1993).<\/span><\/span><\/li><li><span style=\"font-family: Calibri Light, sans-serif\"><span style=\"font-size: medium\">Director de l&#8217;Institut de Psicologia i Sociologia de l&#8217;Il\u00b7lustre Col\u00b7legi d&#8217;Advocats de Barcelona (1987-1989). Compte en el seu haver amb la direcci\u00f3 d&#8217;una gran varietat de publicacions com l&#8217;informe sobre <u>\u201cL&#8217;estat de la Just\u00edcia a Catalunya\u201d<\/u> en l&#8217;Anuari de Sociologia i Psicologia Jur\u00eddiques de 1979 i 1980.<\/span><\/span><\/li><li><span style=\"font-family: Calibri Light, sans-serif\"><span style=\"font-size: medium\">Membre del Comit\u00e8 d&#8217;experts nomenat per AENOR per a la preparaci\u00f3 de l&#8217;ISO de Responsabilitat Social Corporativa i Procediments \u00c8tics per a les empreses i institucions (ISO 26000), de la qual exerceix tamb\u00e9 com a consultor en RSC i ISO26000.<\/span><\/span><\/li><\/ul><p><span style=\"font-family: Calibri Light, sans-serif\"><span style=\"font-size: medium\"><b>C) ACTIVITAT PROFESSIONAL<\/b><\/span><\/span><\/p><ul><li><span style=\"font-family: Calibri Light, sans-serif\"><span style=\"font-size: medium\">Ha portat professionalment diversos procediments notoris vinculats al Dret europeu, com ara el \u201cC\u00e0non Digital\u201d, el \u201cC\u00e8ntim Sanitari\u201d, la primera sent\u00e8ncia a Europa sobre les \u201cCl\u00e0usules s\u00f2l\u201d (com lobbista), portant ara en l&#8217;aspecte europeu a diversos col\u00b7lectius d&#8217;Interins i reclamants de classes passives. Tamb\u00e9 ha intervingut en defensa del puntual pagament dels advocats d&#8217;ofici, posicionant a la Comissi\u00f3 Europea.<\/span><\/span><\/li><li><span style=\"font-family: Calibri Light, sans-serif\"><span style=\"font-size: medium\">Ha assessorat en temes de pr\u00e0ctica en procediments europeus a diversos advocats, institucions i empreses, i ha informat l&#8217;Europarlament sobre la no protecci\u00f3 dels denunciants de corrupci\u00f3 espanyols. Com a promotor de diverses Directives Europees com la 2019\/1937 de Protecci\u00f3 als alertadors d&#8217;infraccions al Dret de la Uni\u00f3 i la 2019\/1024 d&#8217;acc\u00e9s a la Informaci\u00f3 p\u00fablica, est\u00e0 treballant en una Directiva de protecci\u00f3 a les v\u00edctimes dels Delictes d&#8217;Internet.<\/span><\/span><\/li><\/ul><p><span style=\"font-family: Calibri Light, sans-serif\"><span style=\"font-size: medium\"><u>C1) PRESENT<\/u><\/span><\/span><\/p><ul><li><span style=\"font-family: Calibri Light, sans-serif\"><span style=\"font-size: medium\">Exercici lliure com a Advocat i Auditor TIC des de 1983, en les branques de dret Civil, Penal, Mercantil i Comunitari. Col\u00b7legiat en el Col\u00b7legi d&#8217;Advocats Barcelona des de 1983<\/span><\/span><\/li><li><span style=\"font-family: Calibri Light, sans-serif\"><span style=\"font-size: medium\">Ha estat triat en diverses ocasions com a \u00e0rbitre i perit especialitzat en seguretat en les TIC i propietat intel\u00b7lectual i Responsabilitat social Corporativa.<\/span><\/span><\/li><li><span style=\"font-family: Calibri Light, sans-serif\"><span style=\"font-size: medium\">Col\u00b7laborador t\u00e8cnic de <b>JUDILEX S.L<\/b>, <i>\u201cexperts in compliance\u201d<\/i>, en protecci\u00f3 de dades de car\u00e0cter personal i no personal, seguretat inform\u00e0tica, drets contra la intimitat i altres.<\/span><\/span><\/li><li><span style=\"font-family: Calibri Light, sans-serif\"><span style=\"font-size: medium\">Representant de Aspertic en la FRA (Ag\u00e8ncia Europea de Drets Fonamentals) i enlla\u00e7 amb Europol.<\/span><\/span><\/li><li><span style=\"font-family: Calibri Light, sans-serif\"><span style=\"font-size: medium\">Administrador i Instructor de diverses b\u00fasties de den\u00fancia interns i externs (2019-2023).<\/span><\/span><\/li><li><span style=\"font-family: Calibri Light, sans-serif\"><span style=\"font-size: medium\">Ha intervingut en diverses ocasions a petici\u00f3 de les respectives comissions de l&#8217;Europarlament, del Congr\u00e9s de Diputats, del Senat i del Parlament de Catalunya.<\/span><\/span><\/li><\/ul><p><span style=\"font-family: Calibri Light, sans-serif\"><span style=\"font-size: medium\"><b>D) PUBLICACIONS<\/b><\/span><\/span><\/p><ul><li><span style=\"font-family: Calibri Light, sans-serif;font-size: medium\">Coautor del llibre FULL DE RUTA CAP A L&#8217;ADMINISTRACI\u00d3 LOCAL ELECTR\u00d2NICA i Guia pr\u00e0ctica per a la implantaci\u00f3 de l&#8217;administraci\u00f3 electr\u00f2nica en l&#8217;\u00e0mbit local\u00a0publicat pel Consultor dels Ajuntaments (2012)<\/span><\/li><li><span style=\"font-family: Calibri Light, sans-serif\"><span style=\"font-size: medium\">Autor de l&#8217;Informe sobre el Tractat TISA a petici\u00f3 de diversos eurodiputats, pertanyents al Grup ALE-Els Verds i Socialista (2014-2015)<\/span><\/span><\/li><li><span style=\"font-family: Calibri Light, sans-serif\"><span style=\"font-size: medium\">Autor de l&#8217;Informe sobre la Fiscalia Europea per a diversos grups parlamentaris del Congr\u00e9s de Diputats<\/span><\/span><\/li><li><span style=\"font-family: Calibri Light, sans-serif;font-size: medium\">Autor dels informes sobre el sistema PEGASUS a petici\u00f3 de diversos eurodiputats, pertanyents al Grup ALE-Els Verds, Grup de l&#8217;Esquerra i no adscrits (2022-2023) a fi de determinar la responsabilitat de l&#8217;Estat Espanyol.<\/span><\/li><li><span style=\"font-family: Calibri Light, sans-serif;font-size: medium\">Autor de l&#8217;informe sobre el sistema d&#8217;Intervenci\u00f3 de telecomunicacions de l&#8217;un a l&#8217;altre estat membre de la UE perm\u00e8s per EUROJUST a petici\u00f3 de diversos eurodiputats, pertanyents al Grup ALE-Els Verds, Grup de l&#8217;Esquerra i no adscrits (2022-2023).<\/span><\/li><li><span style=\"font-family: Calibri Light, sans-serif\"><span style=\"font-size: medium\">Coautor dels dict\u00e0mens encarregats per diverses Administracions P\u00fabliques sobre el Dret de la Uni\u00f3 (2017-2020)<\/span><\/span><\/li><li><span style=\"font-family: Calibri Light, sans-serif\"><span style=\"font-size: medium\">Coautor del llibre AUDITORIA DE TECNOLOGIES I SISTEMES D\u2019INFORMACI\u00d3 Publicat per Editorial RAMA. (2008), llibre reeditat diverses vegades<\/span><\/span><\/li><li><span style=\"font-family: Calibri Light, sans-serif\"><span style=\"font-size: medium\">Diversos treballs sobre protecci\u00f3 de dades i estad\u00edstica publicats per UPCO (Universitat Pontif\u00edcia de Comillas).<\/span><\/span><\/li><li><span style=\"font-family: Calibri Light, sans-serif\"><span style=\"font-size: medium\">Coautor dels llibres L&#8217;AUDITORIA INFORM\u00c0TICA, I i II Publicat per Editorial RAMA. (2005)<\/span><\/span><\/li><li><span style=\"font-family: Calibri Light, sans-serif\"><span style=\"font-size: medium\">Coautor del Llibre DRETS HUMANS I POLICIA, editat per la Diputaci\u00f3 de Barcelona.(2005)<\/span><\/span><\/li><li><span style=\"font-family: Calibri Light, sans-serif\"><span style=\"font-size: medium\">Coautor del Llibre LES DADES DELS CIUTADANS EN ELS FITXERS MUNICIPALS, publicat per D\u00edaz de Santos.(2007)<\/span><\/span><\/li><li><span style=\"font-family: Calibri Light, sans-serif\"><span style=\"font-size: medium\">Coautor de diversos llibres publicats entre 2007 i 2024 especialitzats en tecnologia i societat.<\/span><\/span><\/li><li><span style=\"font-family: Calibri Light, sans-serif\"><span style=\"font-size: medium\">Publica ara regularment articles a DIARIO16+.<\/span><\/span><\/li><li><span style=\"font-family: Calibri Light, sans-serif\"><span style=\"font-size: medium\">Coautor del llibre AN\u00c1LISIS PR\u00c1CTICO DE SANCIONES EN MATERIA DE PROTECCI\u00d3N DE DATOS, editorial Arazandi (2021)<\/span><\/span><\/li><li><span style=\"font-family: Calibri Light, sans-serif\"><span style=\"font-size: medium\">Colaborador en el llibre INTERNET DRET FONAMENTAL, propostas per a reduir la brexa digital i social,\u00a0<\/span><\/span><span style=\"background-color: var( --e-global-color-nvlightbg )\"><span style=\"font-family: Calibri Light, sans-serif;font-size: medium\">Elaborat per l\u2019Observatori DESC i femProcomuns per enc\u00e0rrec de la Taula del Tercer Sector (2021).<\/span><\/span><\/li><li><span style=\"background-color: var( --e-global-color-nvlightbg )\"><span style=\"font-family: Calibri Light, sans-serif;font-size: medium\">Coautor del Llibre &#8220;Burocrac_IA&#8221; (2024): Guia per a l&#8217;eliminaci\u00f3 de la burocr\u00e0cia en l&#8217;era de la intel\u00b7lig\u00e8ncia artificial, en coautoria amb V\u00edctor Almonesir. Editat per NovaGorb..<\/span><\/span><\/li><\/ul><p><span style=\"font-family: Calibri Light, sans-serif\"><b>E) MITJANS I XARXES SOCIALS<\/b><\/span><\/p><ul><li><span style=\"font-family: Calibri Light, sans-serif\"><span style=\"font-size: medium\">Primer director de la Revista \u201cM\u00f3n Jur\u00eddic\u201d del Col\u00b7legi de l&#8217;Advocacia de Barcelona (1983-1985) amb una tirada de 35.000 exemplars.<\/span><\/span><\/li><li><span style=\"font-family: Calibri Light, sans-serif\"><span style=\"font-size: medium\">Director i editor dels primers i segons formularis jur\u00eddics informatitzats en Catal\u00e0 (1987-1989), elaborats pel Consell de l&#8217;Advocacia de Catalunya amb una tirada de 25.000 exemplars.<\/span><\/span><\/li><li><span style=\"font-family: Calibri Light, sans-serif\"><span style=\"font-size: medium\">Productor de la pel\u00b7l\u00edcula<strong> Docu indignados<\/strong> que es va presentar a Brussel\u00b7les, sobre el 15M, del qual va ser coordinador de la Jur\u00eddica del Barcelona. Alumne de Miquel Porter Moix, anteriorment havia estat professor d&#8217;Hist\u00f2ria del Cinema, i va participar, com a t\u00e8cnic, en diverses produccions cinematogr\u00e0fiques.<br \/>Va ser membre del \u201cgrup de l&#8217;Acad\u00e8mia de cinema\u201d que, juntament amb Alex de l&#8217;Esgl\u00e9sia, van intentar un pacte d&#8217;estat entre els internautes i els productors de contingut.<\/span><\/span><\/li><\/ul><h2 align=\"center\"><span style=\"font-family: Great Vibes, sans-serif\"><b>Premis recents<\/b><\/span><\/h2><p align=\"center\"><img decoding=\"async\" data-recalc-dims=\"1\" src=\"https:\/\/i0.wp.com\/jover.pro\/wp-content\/uploads\/sites\/5\/2021\/03\/separador.png?resize=300%2C32&#038;ssl=1\" alt=\"\" width=\"300\" height=\"32\" \/><\/p><ul><li style=\"text-align: left\"><span style=\"font-family: Calibri Light, sans-serif\"><span style=\"font-size: medium\">Premi Diario16 (2022) per la millor aportaci\u00f3 als valors \u00e8tics de la UE.<\/span><\/span><\/li><li style=\"text-align: left\"><span style=\"font-family: Calibri Light, sans-serif\"><span style=\"font-size: medium\">Premio E-Tech (2022) per la b\u00fastia de den\u00fancia reconegut com a autoritat europea.<\/span><\/span><\/li><li style=\"text-align: left\"><span style=\"font-family: Calibri Light, sans-serif\"><span style=\"font-size: medium\">Premi Borme-En l\u00ednia (2024) per la millor iniciativa empresarial.<\/span><\/span><br \/><h2 align=\"center\">\u00a0<\/h2><\/li><\/ul><h2 align=\"center\"><span style=\"font-family: Great Vibes, sans-serif\"><b>Idiomes<\/b><\/span><\/h2><p align=\"center\"><img decoding=\"async\" data-recalc-dims=\"1\" src=\"https:\/\/i0.wp.com\/jover.pro\/wp-content\/uploads\/sites\/5\/2021\/03\/separador.png?resize=300%2C32&#038;ssl=1\" alt=\"\" width=\"300\" height=\"32\" \/><\/p><ul><li><span style=\"font-family: Calibri Light, sans-serif\"><span style=\"font-size: medium\">Catal\u00e0: Nadiu.<\/span><\/span><\/li><li><span style=\"font-family: Calibri Light, sans-serif\"><span style=\"font-size: medium\">Castell\u00e0: Nadiu.<\/span><\/span><\/li><li><span style=\"font-family: Calibri Light, sans-serif\"><span style=\"font-size: medium\">Franc\u00e8s: Intermedi.<\/span><\/span><\/li><li><span style=\"font-family: Calibri Light, sans-serif\"><span style=\"font-size: medium\">Angl\u00e8s: B\u00e0sic (especialitzat en lectura t\u00e8cnica i jur\u00eddica)<\/span><\/span><\/li><li><h2 align=\"center\">\u00a0<\/h2><h2 style=\"font-size: var(--h2fontsize);font-weight: var(--h2fontweight);font-family: var(--headingsfontfamily),var(--nv-fallback-ff);line-height: var(--h2lineheight);letter-spacing: normal;text-transform: none\" align=\"center\"><span style=\"font-family: Great Vibes, sans-serif\">Xarxes socials<\/span><\/h2><p align=\"center\"><img decoding=\"async\" data-recalc-dims=\"1\" src=\"https:\/\/i0.wp.com\/jover.pro\/wp-content\/uploads\/sites\/5\/2021\/03\/separador.png?resize=300%2C32&#038;ssl=1\" alt=\"\" width=\"300\" height=\"32\" \/><\/p><\/li><\/ul><ul><li><span style=\"font-family: Calibri Light, sans-serif\">Youtube:\u00a0 T\u00e9 un canal sobre dret europeu que es diu <strong><a href=\"https:\/\/www.youtube.com\/channel\/UCPMebl7xk57bhUQG3iVXhfA\" target=\"_blank\" rel=\"noopener\">SintonizaEuropa<\/a><\/strong><\/span><\/li><li><span style=\"font-family: Calibri Light, sans-serif\">Twitter: @josepjover<\/span><\/li><li><span style=\"font-family: Calibri Light, sans-serif\">e-mail: josep@jover.pro<\/span><\/li><li><span style=\"font-family: Calibri Light, sans-serif\">Facebook: jjover@icab.cat\u00a0<\/span><\/li><li><span style=\"font-family: Calibri Light, sans-serif\"><span style=\"font-size: medium\">LinkedIn: jjover@icab.cat<\/span><\/span><\/li><\/ul><p><span style=\"font-family: Calibri Light, sans-serif;font-size: medium\">Publicaci\u00f3 habitual d&#8217;articles en mitjans, principalment Diario16+, Tecnonews, Confilegal i Les Rep\u00fabliques.<\/span><\/p>\t\t\t\t\t\t\t\t<\/div>\n\t\t\t\t<\/div>\n\t\t<div class=\"elementor-element elementor-element-03f93e5 e-con-full e-flex e-con e-child\" data-id=\"03f93e5\" data-element_type=\"container\" data-e-type=\"container\">\n\t\t\t\t<div class=\"elementor-element elementor-element-307b620 elementor-widget elementor-widget-text-editor\" data-id=\"307b620\" data-element_type=\"widget\" data-e-type=\"widget\" data-widget_type=\"text-editor.default\">\n\t\t\t\t<div class=\"elementor-widget-container\">\n\t\t\t\t\t\t\t\t\t<p><\/p>\t\t\t\t\t\t\t\t<\/div>\n\t\t\t\t<\/div>\n\t\t\t\t<\/div>\n\t\t\t\t<\/div>\n\t\t\t\t<\/div>\n\t\t","protected":false},"excerpt":{"rendered":"<p>Josep Jover i Padr\u00f3 Lawyer specialized in European Union Law, information technology, human rights, and cybersecurity. \u00a0Expert in training, legal audits, and lobbying strategies at the European level. He has made significant contributions to data protection, citizens&#8217; rights, and international judicial procedures. Skilled in designing strategies for complex environments and leading cross-cutting projects with a&hellip;&nbsp;<a href=\"https:\/\/jover.pro\/en\/sobrejosepjover\/\" rel=\"bookmark\">Read More &raquo;<span class=\"screen-reader-text\">About us<\/span><\/a><\/p>\n","protected":false},"author":1,"featured_media":0,"parent":0,"menu_order":0,"comment_status":"closed","ping_status":"closed","template":"","meta":{"neve_meta_sidebar":"full-width","neve_meta_container":"","neve_meta_enable_content_width":"on","neve_meta_content_width":100,"neve_meta_title_alignment":"","neve_meta_author_avatar":"","neve_post_elements_order":"","neve_meta_disable_header":"","neve_meta_disable_footer":"","neve_meta_disable_title":"","jetpack_post_was_ever_published":false,"footnotes":""},"class_list":["post-515","page","type-page","status-publish","hentry"],"jetpack_sharing_enabled":true,"jetpack_shortlink":"https:\/\/wp.me\/P7oWuo-8j","jetpack-related-posts":[{"id":363,"url":"https:\/\/jover.pro\/en\/","url_meta":{"origin":515,"position":0},"title":"Home","author":"capa8","date":"Monday January 13th, 2020","format":false,"excerpt":"Jover & Daughters Lawyer specialized in European Union law.\"The strictness of the law is tempered by its prudent noncompliance.\" more info Contact Professional Legal Services Legal advice with extensive experience in civil, commercial, administrative, and European Union law. Strategic and personalized legal solutions. Experts in European Union Law We defend\u2026","rel":"","context":"Similar post","block_context":{"text":"Similar post","link":""},"img":{"alt_text":"trayectoria profesional josep jover","src":"https:\/\/i0.wp.com\/jover.pro\/wp-content\/uploads\/sites\/5\/2021\/04\/foto-pep.jpg?resize=350%2C200&ssl=1","width":350,"height":200,"srcset":"https:\/\/i0.wp.com\/jover.pro\/wp-content\/uploads\/sites\/5\/2021\/04\/foto-pep.jpg?resize=350%2C200&ssl=1 1x, https:\/\/i0.wp.com\/jover.pro\/wp-content\/uploads\/sites\/5\/2021\/04\/foto-pep.jpg?resize=525%2C300&ssl=1 1.5x"},"classes":[]},{"id":365,"url":"https:\/\/jover.pro\/en\/trayectoria_profesional\/","url_meta":{"origin":515,"position":1},"title":"Professional career","author":"capa8","date":"Friday January 17th, 2020","format":false,"excerpt":"Professional career \u201cMay you live in interesting times,\u201d says an old Chinese curse. Life\u2019s ironies make it clear that the curse actually means: may you be swept up in the whirlwind of events of your time and not have a single moment of peace.And it's true \u2014 I have lived,\u2026","rel":"","context":"Similar post","block_context":{"text":"Similar post","link":""},"img":{"alt_text":"trayectoria profesional josep jover","src":"https:\/\/i0.wp.com\/jover.pro\/wp-content\/uploads\/sites\/5\/2021\/04\/foto-pep.jpg?resize=350%2C200&ssl=1","width":350,"height":200,"srcset":"https:\/\/i0.wp.com\/jover.pro\/wp-content\/uploads\/sites\/5\/2021\/04\/foto-pep.jpg?resize=350%2C200&ssl=1 1x, https:\/\/i0.wp.com\/jover.pro\/wp-content\/uploads\/sites\/5\/2021\/04\/foto-pep.jpg?resize=525%2C300&ssl=1 1.5x"},"classes":[]},{"id":367,"url":"https:\/\/jover.pro\/en\/galeria-profesional\/","url_meta":{"origin":515,"position":2},"title":"Galer\u00eda Profesional Josep Jover","author":"capa8","date":"Friday January 17th, 2020","format":false,"excerpt":"Galeria My Experience through images This gallery showcases some of the most significant moments in Jover's professional journey. From his early achievements to recent events, each image represents a key stage that has shaped his evolution as a professional.Explore this visual journey and discover the human side behind the experience.","rel":"","context":"Similar post","block_context":{"text":"Similar post","link":""},"img":{"alt_text":"","src":"","width":0,"height":0},"classes":[]},{"id":165,"url":"https:\/\/jover.pro\/en\/politica-general-de-proteccio-de-dades-privacitat-i-internet\/","url_meta":{"origin":515,"position":3},"title":"(Catal\u00e0) Politica general de protecci\u00f3 de dades, privacitat i Internet","author":"jjover","date":"Saturday June  4th, 2016","format":false,"excerpt":"Sorry, this entry is only available in Catal\u00e0 and Espa\u00f1ol.","rel":"","context":"Similar post","block_context":{"text":"Similar post","link":""},"img":{"alt_text":"","src":"","width":0,"height":0},"classes":[]},{"id":366,"url":"https:\/\/jover.pro\/en\/contact-us\/","url_meta":{"origin":515,"position":4},"title":"Contact","author":"capa8","date":"Friday January 17th, 2020","format":false,"excerpt":"Contact us Need legal advice? We\u2019re here to help. Get in touch with our firm to schedule a consultation or ask any questions.You can call us, send an email, or use the contact form. We\u2019ll get back to you as soon as possible. Facebook Linkedin Call us 93 160 01\u2026","rel":"","context":"Similar post","block_context":{"text":"Similar post","link":""},"img":{"alt_text":"","src":"","width":0,"height":0},"classes":[]},{"id":115,"url":"https:\/\/jover.pro\/en\/documentacio\/","url_meta":{"origin":515,"position":5},"title":"(Catal\u00e0) Documentaci\u00f3","author":"capa8","date":"Monday April  4th, 2016","format":false,"excerpt":"Sorry, this entry is only available in Catal\u00e0 and Espa\u00f1ol.","rel":"","context":"Similar post","block_context":{"text":"Similar post","link":""},"img":{"alt_text":"","src":"","width":0,"height":0},"classes":[]}],"_links":{"self":[{"href":"https:\/\/jover.pro\/en\/wp-json\/wp\/v2\/pages\/515","targetHints":{"allow":["GET"]}}],"collection":[{"href":"https:\/\/jover.pro\/en\/wp-json\/wp\/v2\/pages"}],"about":[{"href":"https:\/\/jover.pro\/en\/wp-json\/wp\/v2\/types\/page"}],"author":[{"embeddable":true,"href":"https:\/\/jover.pro\/en\/wp-json\/wp\/v2\/users\/1"}],"replies":[{"embeddable":true,"href":"https:\/\/jover.pro\/en\/wp-json\/wp\/v2\/comments?post=515"}],"version-history":[{"count":142,"href":"https:\/\/jover.pro\/en\/wp-json\/wp\/v2\/pages\/515\/revisions"}],"predecessor-version":[{"id":1503,"href":"https:\/\/jover.pro\/en\/wp-json\/wp\/v2\/pages\/515\/revisions\/1503"}],"wp:attachment":[{"href":"https:\/\/jover.pro\/en\/wp-json\/wp\/v2\/media?parent=515"}],"curies":[{"name":"wp","href":"https:\/\/api.w.org\/{rel}","templated":true}]}}